
{"id":11931,"date":"2018-02-08T16:13:59","date_gmt":"2018-02-08T22:13:59","guid":{"rendered":"https:\/\/www.unez.mx\/?page_id=11931"},"modified":"2023-07-21T16:27:06","modified_gmt":"2023-07-21T22:27:06","slug":"educacion-inicial-y-preescolar","status":"publish","type":"page","link":"https:\/\/unez.edu.mx\/?page_id=11931","title":{"rendered":"Lic. en Educaci\u00f3n Inicial y Preescolar"},"content":{"rendered":"<div class=\"wpb-content-wrapper\"><p>[vc_row][vc_column width=&#8221;1\/4&#8243;]<div class=\"sc-image sc-wrapbox sc-wrapbox-style-default rounded-corners sc-wrapbox-position-below\" style=\"\"><div class=\"sc-wrapbox-inner\"><img decoding=\"async\" class=\"sc-wrapbox-element img-responsive\" src=\"https:\/\/unez.edu.mx\/wp-content\/uploads\/2023\/07\/IMG_20220923_164523-scaled.jpg\" alt=\"\"\/><\/div><\/div>[vc_column_text]<strong>Solicita informaci\u00f3n en los siguientes t\u00e9lefonos:<\/strong><\/p>\n<p><strong>Tel. 81 83 01 21 48<\/strong><\/p>\n<p><strong><img loading=\"lazy\" decoding=\"async\" class=\"alignnone wp-image-57233\" src=\"https:\/\/unez.edu.mx\/wp-content\/uploads\/2023\/06\/whatsapp-300x300.png\" alt=\"\" width=\"25\" height=\"25\" srcset=\"https:\/\/unez.edu.mx\/wp-content\/uploads\/2023\/06\/whatsapp-300x300.png 300w, https:\/\/unez.edu.mx\/wp-content\/uploads\/2023\/06\/whatsapp-150x150.png 150w, https:\/\/unez.edu.mx\/wp-content\/uploads\/2023\/06\/whatsapp-256x256.png 256w, https:\/\/unez.edu.mx\/wp-content\/uploads\/2023\/06\/whatsapp.png 512w\" sizes=\"auto, (max-width: 25px) 100vw, 25px\" \/>\u00a0 WhatsApp: 81 32 56 55 47\u00a0<\/strong>[\/vc_column_text][\/vc_column][vc_column width=&#8221;3\/4&#8243;][vc_column_text]Universidad Emiliano Zapata, estudios con reconocimiento de validez oficial No. AL- III 280\/2010 de fecha del 3 de diciembre de 2010, otorgado por el gobierno del estado de Nuevo Le\u00f3n y publicado en el Peri\u00f3dico Oficial del 4 de marzo de 2011.<\/p>\n<p>En objetivo de UNEZ es el de formar individuos con un estilo de liderazgo comprometido, integrador y humanitario, que sean capaces de interactuar con las instituciones p\u00fablicas y privadas.[\/vc_column_text][vc_tta_tabs][vc_tta_section title=&#8221;Requisitos&#8221; tab_id=&#8221;1487609400683-4ccd51ce-2b7f&#8221;][vc_column_text]<span lang=\"es-ES\">Deben de poseer el grado de Educaci\u00f3n Media Superior y cumplir con los requisitos acad\u00e9micos y de admisi\u00f3n establecidos por esta instituci\u00f3n.<\/span><\/p>\n<p><span lang=\"es-ES\">De acuerdo a las caracter\u00edsticas del perfil solicitado, la Direcci\u00f3n de Servicios Acad\u00e9micos, DSA, de UNEZ establece un an\u00e1lisis de los requisitos de acceso especificados en el Reglamento Acad\u00e9mico de Alumnos.<\/span>[\/vc_column_text][\/vc_tta_section][vc_tta_section title=&#8221;Perfil&#8221; tab_id=&#8221;1487609400723-dc5963bf-b014&#8243;][vc_column_text]<strong>PERFIL DE EGRESO.<\/strong><\/p>\n<p>Formar profesionales con conocimientos de vanguardia, habilidades, actitudes \u00e9ticas y de compromiso del comportamiento humano, a fin de que promuevan el desarrollo individual, grupal, institucional y comunitario en los diversos escenarios de aplicaci\u00f3n de la Educaci\u00f3n inicial y Preescolar, se insiste en la comprensi\u00f3n del desarrollo integral infantil; identificando los factores que influyen en el ni\u00f1o de 0 a 6 a\u00f1os mediante el conocimiento de pr\u00e1cticas de crianza, t\u00e9cnicas de atenci\u00f3n b\u00e1sica y m\u00e9todos de valoraci\u00f3n; con la finalidad de que dise\u00f1e estrategias de atenci\u00f3n \u00f3ptimas conciente de la diversidad de ellas,\u00a0planificar, implementar, conducir y evaluar el proceso de formaci\u00f3n y desarrollo de los ni\u00f1os de 0 a 6 a\u00f1os de edad, fortaleciendo el desarrollo integral de los ni\u00f1os menores de seis a\u00f1os de edad, adem\u00e1s propiciar una cultura a favor de la primera infancia mediante la participaci\u00f3n de la familia y la comunidad en el cuidado y la educaci\u00f3n de los ni\u00f1os.<\/p>\n<ul>\n<li>El egresado de la Licenciatura en Educaci\u00f3n Inicial y Preescolar abordara en los contextos biopsicosociales, atender en el ni\u00f1o la estimulaci\u00f3n temprana de todas sus \u00e1reas de desarrollo, a partir del estudio y an\u00e1lisis de las caracter\u00edsticas, necesidades y contextos de los ni\u00f1os, de los agentes educativos y las pr\u00e1cticas de formaci\u00f3n; dise\u00f1ando y evaluando proyectos, programas de formaci\u00f3n; dise\u00f1ando y evaluando proyectos, programas, estrategias y materiales did\u00e1cticos adaptando los modelos de la Educaci\u00f3n Inicial; con la finalidad de proponer resoluciones a las problem\u00e1ticas pedag\u00f3gicas que promuevan el desarrollo infantil.<\/li>\n<\/ul>\n<p>Conocimientos<\/p>\n<p><strong>\u00a0<\/strong>\u00a0\u00a0\u00a0\u00a0\u00a0\u00a0\u00a0\u00a0 Son los campos de formaci\u00f3n que deben abordarse con la finalidad de poner a disposici\u00f3n de los alumnos conceptos, teor\u00edas, principios, criterios, pr\u00e1cticas, procedimientos, procesos y t\u00e9cnicas que sustenten, expliquen y enriquezcan su ejercicio profesional. Son el producto de la transformaci\u00f3n cognitiva y social de los contenidos de aprendizaje en cada programa de estudio.<\/p>\n<p>Los conocimientos que el egresado de la Licenciatura en Educaci\u00f3n inicial y preescolar deben poseer y cultivar dentro y fuera de la instituci\u00f3n son los siguientes:<\/p>\n<p><strong>Nivel de Conocimientos:<\/strong><\/p>\n<ul>\n<li>Conocimiento sobre los conceptos, teor\u00edas, conocimientos b\u00e1sicos y herramientas que le permitan estar a la vanguardia de los adelantos cient\u00edficos y tecnol\u00f3gicos, relacionar la teor\u00eda con la pr\u00e1ctica y generar un esquema de aprendizaje sobre la educaci\u00f3n inicial y preescolar.<\/li>\n<li>Generar ambientes de aprendizaje en educaci\u00f3n inicial con base en la reapropiaci\u00f3n del pensamiento cr\u00edtico y creativo.<\/li>\n<li>Conocimiento sobre la metodolog\u00eda de aprendizaje para la educaci\u00f3n de la primera infancia.<\/li>\n<li>Conocimiento con sentido \u00e9tico en su rol como profesional de la educaci\u00f3n de los ni\u00f1os de 0 a 6 a\u00f1os.<\/li>\n<li>Conocimiento sobre el sentido ecol\u00f3gico al desarrollo de los ni\u00f1os de 0 a 6 a\u00f1os.<\/li>\n<li>Dise\u00f1ar\u00e1 y desarrollar\u00e1 proyectos de intervenci\u00f3n para contribuir al desarrollo personal y social de los ni\u00f1os de 0 a 6 a\u00f1os.<\/li>\n<li>Orientar\u00e1 y canalizar\u00e1 problemas de desarrollo de ni\u00f1os de 0 a 6 a\u00f1os en contextos diversos.<\/li>\n<li>Conocer y llevar a cabo acciones tales como: diagn\u00f3stico y evaluaci\u00f3n de problemas de la infancia.<\/li>\n<li>Dominar los elementos te\u00f3ricos que fundamentan la aplicaci\u00f3n de los instrumentos de evaluaci\u00f3n.<\/li>\n<li>Participar a nivel preventivo, as\u00ed como de intervenci\u00f3n breve o en crisis, conforme a los requerimientos del menor de 0 a 6 a\u00f1os en su entorno social.<\/li>\n<li>Los egresados tendr\u00e1n una s\u00f3lida preparaci\u00f3n conceptual y pr\u00e1ctica en las \u00e1reas funcionales de la Educaci\u00f3n inicial y preescolar.<\/li>\n<li>Conocimiento de, al menos, un segundo idioma.<\/li>\n<\/ul>\n<p><strong>Habilidades, destrezas actitudes y aptitudes.<\/strong><strong>\u00a0<\/strong><\/p>\n<p>Son las capacidades, destrezas y aptitudes que deben desarrollarse por parte del egresado. Estas le permiten la ejecuci\u00f3n eficiente de determinadas actividades para alcanzar las metas trazadas en su nivel de estudio y su vida personal, as\u00ed como la realizaci\u00f3n de determinadas acciones y\/o resoluci\u00f3n de problemas; entendiendo que las habilidades se desarrollan mediante la pr\u00e1ctica intencionada y el adiestramiento contin\u00fao.<\/p>\n<p>Por otro lado, debe ser capaz de manejar lenguajes y herramientas que le permitan comunicarse correcta y eficazmente, tanto de manera oral como escrita, en su lengua materna o en otros idiomas.<\/p>\n<p><strong>Habilidades:-<\/strong><\/p>\n<p>Entre las habilidades que se desarrollar\u00e1n est\u00e1n:<\/p>\n<ul>\n<li>Capacidad de an\u00e1lisis y s\u00edntesis<\/li>\n<li>Manejo de entrevistas con padres de familia e infantes.<\/li>\n<li>Dise\u00f1ar y planificar estrategias para el abordaje de problemas planteados en los diferentes escenarios de intervenci\u00f3n.<\/li>\n<li>Manejo de t\u00e9cnicas estad\u00edsticas aplicadas a la Educaci\u00f3n inicial.<\/li>\n<li>El egresado desarrollar\u00e1 habilidades de liderazgo<\/li>\n<li>Habilidades para relacionarse con los especialistas de todas las \u00e1reas de tecnolog\u00edas de Informaci\u00f3n.<\/li>\n<li>Habilidad para organizar y manejar una sesi\u00f3n de trabajo en equipo y trabajo colaborativo.<\/li>\n<li>Habilidad para interactuar con personas y problemas y\/o oportunidades.<\/li>\n<li>Habilidad para la toma de decisiones.<\/li>\n<li>Pensamiento creativo<\/li>\n<li>lectura de comprensi\u00f3n<\/li>\n<li>organizaci\u00f3n de eventos<\/li>\n<li>facilidad de palabra<\/li>\n<li>liderazgo<\/li>\n<li>toma de decisiones.<\/li>\n<\/ul>\n<p><strong>Actitudes:-<\/strong><\/p>\n<p>Entre las actitudes que se desarrollan se encuentran:<\/p>\n<ul>\n<li>Sensibilizaci\u00f3n ante los problemas sociales<\/li>\n<li>Actitud cr\u00edtica en relaci\u00f3n con su persona, su tarea profesional y su entorno social.<\/li>\n<li>Actitud de servicio ante quien demande su intervenci\u00f3n profesional.<\/li>\n<li>Disposici\u00f3n al trabajo en equipo y de forma interdisciplinaria.<\/li>\n<li>Desarrollar la cultura hacia el trabajo y el esfuerzo.<\/li>\n<li>Una actitud de mejora y auto-aprendizaje.<\/li>\n<li>Desarrollar la actitud de servicio.<\/li>\n<li>Capaz de actuar de acuerdo con la \u00e9tica y el desarrollo sustentable<\/li>\n<li>Inter\u00e9s por su desarrollo profesional<\/li>\n<li>Solidaridad ante los problemas sociales.<\/li>\n<\/ul>\n<p><strong>Valores:-<\/strong><\/p>\n<p>Es el conjunto de principios b\u00e1sicos mediante los cuales las personas denotan preferencias, creencias, actitudes, representaciones y formas de relaci\u00f3n con grupos, instituciones y toda la gama de procesos que ocurren en la sociedad.<\/p>\n<p>En la formaci\u00f3n Institucional, se refuerzan las conductas definitorias de su vida acad\u00e9mica, ciudadana y personal, en funci\u00f3n del marco axiol\u00f3gico que la instituci\u00f3n reconoce.<\/p>\n<p>Para que los valores institucionales sean adoptados por los estudiantes, debe haber una conducta basada en la \u00c9tica, que significa demostrar con sus comportamientos y actitudes cotidianas el acatamiento de los principios y valores que regulan su vida personal y acad\u00e9mica.<\/p>\n<ul>\n<li>Responsabilidad para el ejercicio de su vida personal y profesional.<\/li>\n<li>Respeto, para s\u00ed mismo, hacia los dem\u00e1s, para la vida y por el medio ambiente.<\/li>\n<li>Tolerancia por la diversidad de las ideas.<\/li>\n<li>Integridad, utilizando esta virtud como recurso para fomentar los valores en otras personas.<\/li>\n<li>Compromiso con sus estudios, con su pa\u00eds y con sus semejantes. Asumir los compromisos y enfrentar sus responsabilidades les permitir\u00e1 cumplir con las normas establecidas.<\/li>\n<li>Como valor que conduce al reconocimiento de las virtudes y al conocimiento de las carencias propias para reconocer sus l\u00edmites y plantearse un plan de vida deseable.<\/li>\n<li>Atender a todos, reconociendo la importancia del trabajo en equipo, de la tolerancia y la participaci\u00f3n, como un recurso para una coexistencia productiva en comunidad.<\/li>\n<li>Compartir este valor con la equidad, la democracia, el respeto y la noci\u00f3n de servicio.<\/li>\n<\/ul>\n<p>[\/vc_column_text][\/vc_tta_section][vc_tta_section title=&#8221;\u00c1reas de Oportunidad&#8221; tab_id=&#8221;1487609637759-a3d41df3-1f0d&#8221;][vc_column_text]La demanda profesional se ubica en los \u00e1mbitos laborales en que se atiende a ni\u00f1os, de 0 a 6 a\u00f1os, los cuales corresponden a los campos educativos y salud, en los que est\u00e1 inscrito el quehacer del profesional de educaci\u00f3n inicial y preescolar<\/p>\n<p>Son demandados por instituciones como:<\/p>\n<ul>\n<li>Guarder\u00edas infantiles<\/li>\n<li>Centros de Desarrollo Infantil<\/li>\n<li>Escuelas Publicas y Privadas<\/li>\n<li>Instituto Mexicano del Seguro Social,<\/li>\n<li>Secretar\u00eda Estatal de Salud,<\/li>\n<li>Desarrollo Integral de la Familia,<\/li>\n<li>Procuradur\u00eda General de Justicia,<\/li>\n<li>Secretar\u00eda de Educaci\u00f3n,<\/li>\n<li>Centros de Apoyo a la ni\u00f1ez<\/li>\n<\/ul>\n<p>Adem\u00e1s:-<\/p>\n<ol>\n<li>Instituciones educativas que cuentan el nivel de educaci\u00f3n inicial y preescolar.<\/li>\n<li>Instituciones de salud con servicios de atenci\u00f3n a la ni\u00f1ez.<\/li>\n<\/ol>\n<p>[\/vc_column_text][\/vc_tta_section][vc_tta_section title=&#8221;Plan de Estudio&#8221; tab_id=&#8221;1487609756132-0a95dcd8-b39c&#8221;][vc_column_text]<strong>\u00a0<\/strong><\/p>\n<h5>La carrera de Educaci\u00f3n Inicial y Preescolar\u00a0 se cursa en 10 tetramestres.<\/h5>\n<h5>Descarga aqu\u00ed la seriaci\u00f3n de la carrera de LEIP.<\/h5>\n<table style=\"height: 539px;\" width=\"624\">\n<tbody>\n<tr>\n<td style=\"text-align: center;\" colspan=\"3\" width=\"421\"><strong>Tetramestre I<\/strong><\/td>\n<\/tr>\n<tr>\n<td style=\"text-align: center;\" width=\"62\"><strong>Clave Asignatura<\/strong><\/td>\n<td style=\"text-align: center;\" width=\"300\"><strong>Nombre de la Asignatura<\/strong><\/td>\n<td style=\"text-align: center;\" width=\"61\"><strong>Seriaci\u00f3n<\/strong><\/td>\n<\/tr>\n<tr>\n<td width=\"62\">EDU-101<\/td>\n<td width=\"300\"><span style=\"color: #0000ff;\"><a style=\"color: #0000ff;\" href=\"\/carreras\/leiyp\/01_tetra\/historia_de_la_educacion_en_mexico.pdf\" target=\"_blank\" rel=\"noopener noreferrer\">Historia de la Educaci\u00f3n en M\u00e9xico<\/a><\/span><\/td>\n<td style=\"text-align: center;\" width=\"224\">&#8211;<\/td>\n<\/tr>\n<tr>\n<td width=\"62\">EDU-102<\/td>\n<td width=\"300\"><span style=\"color: #0000ff;\"><a style=\"color: #0000ff;\" href=\"\/carreras\/leiyp\/01_tetra\/los_procesos_evolutivos_en_la_primera_infancia.pdf\" target=\"_blank\" rel=\"noopener noreferrer\">Los Procesos Evolutivos en la Primera Infancia<\/a><\/span><\/td>\n<td style=\"text-align: center;\" width=\"224\">&#8211;<\/td>\n<\/tr>\n<tr>\n<td width=\"62\">NEU-101<\/td>\n<td width=\"300\"><span style=\"color: #0000ff;\"><a style=\"color: #0000ff;\" href=\"\/carreras\/leiyp\/01_tetra\/introduccion_a_las_neurociencias.pdf\" target=\"_blank\" rel=\"noopener noreferrer\">Introducci\u00f3n a las Neurociencias<\/a><\/span><\/td>\n<td style=\"text-align: center;\" width=\"224\">&#8211;<\/td>\n<\/tr>\n<tr>\n<td width=\"62\">BAS-101<\/td>\n<td width=\"300\"><span style=\"color: #0000ff;\"><a style=\"color: #0000ff;\" href=\"\/carreras\/leiyp\/01_tetra\/marco_juridico_del_sistema_educativo_de_la_primera_infancia.pdf\" target=\"_blank\" rel=\"noopener noreferrer\">Marco Jur\u00eddico del Sistema Educativo de la Primera Infancia.<\/a><\/span><\/td>\n<td style=\"text-align: center;\" width=\"61\">&#8211;<\/td>\n<\/tr>\n<tr>\n<td width=\"62\">FOR-101<\/td>\n<td width=\"300\"><span style=\"color: #0000ff;\"><a style=\"color: #0000ff;\" href=\"\/carreras\/leiyp\/01_tetra\/psicologia_general.pdf\" target=\"_blank\" rel=\"noopener noreferrer\">Psicolog\u00eda General<\/a><\/span><\/td>\n<td style=\"text-align: center;\" width=\"224\">&#8211;<\/td>\n<\/tr>\n<tr>\n<td width=\"62\">FOR-102<\/td>\n<td width=\"300\"><span style=\"color: #0000ff;\"><a style=\"color: #0000ff;\" href=\"http:\/\/unez.edu.mx\/carreras\/leiyp\/01_tetra\/comunicacion.pdf\" target=\"_blank\" rel=\"noopener noreferrer\">Comunicaci\u00f3n Oral y Redacci\u00f3n<\/a><\/span><\/td>\n<td style=\"text-align: center;\" width=\"224\">&#8211;<\/td>\n<\/tr>\n<tr>\n<td width=\"62\">FOR-103<\/td>\n<td width=\"300\"><span style=\"color: #0000ff;\"><a style=\"color: #0000ff;\" href=\"\/carreras\/leiyp\/01_tetra\/informatica_1.pdf\" target=\"_blank\" rel=\"noopener noreferrer\">Inform\u00e1tica I<\/a><\/span><\/td>\n<td style=\"text-align: center;\" width=\"224\">&#8211;<\/td>\n<\/tr>\n<tr>\n<td width=\"62\">FOR-104<\/td>\n<td width=\"300\"><span style=\"color: #0000ff;\"><a style=\"color: #0000ff;\" href=\"\/carreras\/leiyp\/01_tetra\/ingles_1.pdf\" target=\"_blank\" rel=\"noopener noreferrer\">Ingl\u00e9s I<\/a><\/span><\/td>\n<td style=\"text-align: center;\" width=\"224\">&#8211;<\/td>\n<\/tr>\n<\/tbody>\n<\/table>\n<p>&nbsp;<\/p>\n<table style=\"height: 539px;\" width=\"624\">\n<tbody>\n<tr>\n<td style=\"text-align: center;\" colspan=\"3\" width=\"421\"><strong>Tetramestre II<\/strong><\/td>\n<\/tr>\n<tr>\n<td style=\"text-align: center;\" width=\"62\"><strong>Clave Asignatura<\/strong><\/td>\n<td style=\"text-align: center;\" width=\"300\"><strong>Nombre de la Asignatura<\/strong><\/td>\n<td style=\"text-align: center;\" width=\"61\"><strong>Seriaci\u00f3n<\/strong><\/td>\n<\/tr>\n<tr>\n<td width=\"62\">EDU-103<\/td>\n<td width=\"300\"><span style=\"color: #0000ff;\"><a style=\"color: #0000ff;\" href=\"\/carreras\/leiyp\/02_tetra\/sociologia.pdf\" target=\"_blank\" rel=\"noopener noreferrer\">Sociolog\u00eda<\/a><\/span><\/td>\n<td style=\"text-align: center;\" width=\"224\">EDU-101<\/td>\n<\/tr>\n<tr>\n<td width=\"62\">BAS-102<\/td>\n<td width=\"300\"><span style=\"color: #0000ff;\"><a style=\"color: #0000ff;\" href=\"\/carreras\/leiyp\/02_tetra\/nutricion_general.pdf\" target=\"_blank\" rel=\"noopener noreferrer\">Nutrici\u00f3n General<\/a><\/span><\/td>\n<td style=\"text-align: center;\" width=\"224\">&#8211;<\/td>\n<\/tr>\n<tr>\n<td width=\"62\">NEU-102<\/td>\n<td width=\"300\"><span style=\"color: #0000ff;\"><a style=\"color: #0000ff;\" href=\"\/carreras\/leiyp\/02_tetra\/neurociencias_y_educacion_infantil.pdf\" target=\"_blank\" rel=\"noopener noreferrer\">Neurociencias y Educaci\u00f3n Infantil<\/a><\/span><\/td>\n<td style=\"text-align: center;\" width=\"224\">NEU-101<\/td>\n<\/tr>\n<tr>\n<td width=\"62\">BAS-103<\/td>\n<td width=\"300\"><span style=\"color: #0000ff;\"><a style=\"color: #0000ff;\" href=\"\/carreras\/leiyp\/02_tetra\/pedagogia_general.pdf\" target=\"_blank\" rel=\"noopener noreferrer\">Pedagog\u00eda General<\/a><\/span><\/td>\n<td style=\"text-align: center;\" width=\"61\">&#8211;<\/td>\n<\/tr>\n<tr>\n<td width=\"62\">FOR-105<\/td>\n<td width=\"300\"><span style=\"color: #0000ff;\"><a style=\"color: #0000ff;\" href=\"\/carreras\/leiyp\/02_tetra\/psicologia_evolutiva.pdf\" target=\"_blank\" rel=\"noopener noreferrer\">Psicolog\u00eda Evolutiva<\/a><\/span><\/td>\n<td style=\"text-align: center;\" width=\"224\">FOR-101<\/td>\n<\/tr>\n<tr>\n<td width=\"62\">FOR-106<\/td>\n<td width=\"300\"><span style=\"color: #0000ff;\"><a style=\"color: #0000ff;\" href=\"\/carreras\/leiyp\/02_tetra\/problemas_economicos_y_sociales_de_mexico.pdf\" target=\"_blank\" rel=\"noopener noreferrer\">Problemas Econ\u00f3micos y Sociales de M\u00e9xico<\/a><\/span><\/td>\n<td style=\"text-align: center;\" width=\"224\">&#8211;<\/td>\n<\/tr>\n<tr>\n<td width=\"62\">FOR-107<\/td>\n<td width=\"300\"><span style=\"color: #0000ff;\"><a style=\"color: #0000ff;\" href=\"\/carreras\/leiyp\/02_tetra\/informatica_2.pdf\" target=\"_blank\" rel=\"noopener noreferrer\">Inform\u00e1tica II<\/a><\/span><\/td>\n<td style=\"text-align: center;\" width=\"224\">FOR-103<\/td>\n<\/tr>\n<tr>\n<td width=\"62\">FOR-108<\/td>\n<td width=\"300\"><span style=\"color: #0000ff;\"><a style=\"color: #0000ff;\" href=\"\/carreras\/leiyp\/02_tetra\/ingles_2.pdf\" target=\"_blank\" rel=\"noopener noreferrer\">Ingl\u00e9s II<\/a><\/span><\/td>\n<td style=\"text-align: center;\" width=\"224\">FOR-104<\/td>\n<\/tr>\n<\/tbody>\n<\/table>\n<p>&nbsp;<\/p>\n<table style=\"height: 539px;\" width=\"624\">\n<tbody>\n<tr>\n<td style=\"text-align: center;\" colspan=\"3\" width=\"421\"><strong>Tetramestre III<\/strong><\/td>\n<\/tr>\n<tr>\n<td style=\"text-align: center;\" width=\"62\"><strong>Clave Asignatura<\/strong><\/td>\n<td style=\"text-align: center;\" width=\"300\"><strong>Nombre de la Asignatura<\/strong><\/td>\n<td style=\"text-align: center;\" width=\"61\"><strong>Seriaci\u00f3n<\/strong><\/td>\n<\/tr>\n<tr>\n<td width=\"62\">BAS-104<\/td>\n<td width=\"300\"><span style=\"color: #0000ff;\"><a style=\"color: #0000ff;\" href=\"\/carreras\/leiyp\/03_tetra\/familia_y_comunidad.pdf\" target=\"_blank\" rel=\"noopener noreferrer\">Familia y Comunidad<\/a><\/span><\/td>\n<td style=\"text-align: center;\" width=\"224\">&#8211;<\/td>\n<\/tr>\n<tr>\n<td width=\"62\">EDU-104<\/td>\n<td width=\"300\"><span style=\"color: #0000ff;\"><a style=\"color: #0000ff;\" href=\"\/carreras\/leiyp\/03_tetra\/diagnostico_de_la_educacion_basica_en_mexico.pdf\" target=\"_blank\" rel=\"noopener noreferrer\">Diagn\u00f3stico de la Educaci\u00f3n B\u00e1sica en M\u00e9xico<\/a><\/span><\/td>\n<td style=\"text-align: center;\" width=\"224\">EDU-101<\/td>\n<\/tr>\n<tr>\n<td width=\"62\">NEU-103<\/td>\n<td width=\"300\"><span style=\"color: #0000ff;\"><a style=\"color: #0000ff;\" href=\"\/carreras\/leiyp\/03_tetra\/bases_neurofisiologicas_del_aprendizaje.pdf\" target=\"_blank\" rel=\"noopener noreferrer\">Bases Neurofisiol\u00f3gicas del Aprendizaje<\/a><\/span><\/td>\n<td style=\"text-align: center;\" width=\"224\">NEU-101<\/td>\n<\/tr>\n<tr>\n<td width=\"62\">EDU-105<\/td>\n<td width=\"300\"><span style=\"color: #0000ff;\"><a style=\"color: #0000ff;\" href=\"\/carreras\/leiyp\/03_tetra\/pedagogia_infantil.pdf\" target=\"_blank\" rel=\"noopener noreferrer\">Pedagog\u00eda Infantil<\/a><\/span><\/td>\n<td style=\"text-align: center;\" width=\"61\">&#8211;<\/td>\n<\/tr>\n<tr>\n<td width=\"62\">FOR-109<\/td>\n<td width=\"300\"><span style=\"color: #0000ff;\"><a style=\"color: #0000ff;\" href=\"\/carreras\/leiyp\/03_tetra\/psicologia_infantil.pdf\" target=\"_blank\" rel=\"noopener noreferrer\">Psicolog\u00eda Infantil<\/a><\/span><\/td>\n<td style=\"text-align: center;\" width=\"224\">FOR-105<\/td>\n<\/tr>\n<tr>\n<td width=\"62\">BAS-105<\/td>\n<td width=\"300\"><span style=\"color: #0000ff;\"><a style=\"color: #0000ff;\" href=\"\/carreras\/leiyp\/03_tetra\/nutricion_infantil_y_neuronutricion.pdf\" target=\"_blank\" rel=\"noopener noreferrer\">Nutrici\u00f3n Infantil Y Neuronutrici\u00f3n<\/a><\/span><\/td>\n<td style=\"text-align: center;\" width=\"224\">BAS-102<\/td>\n<\/tr>\n<tr>\n<td width=\"62\">EDU-106<\/td>\n<td width=\"300\"><span style=\"color: #0000ff;\"><a style=\"color: #0000ff;\" href=\"\/carreras\/leiyp\/03_tetra\/metodologia_de_la_ensenanza_de_la_informatica_infantil.pdf\" target=\"_blank\" rel=\"noopener noreferrer\">Metodolog\u00eda de la Ense\u00f1anza de la Inform\u00e1tica Infantil<\/a><\/span><\/td>\n<td style=\"text-align: center;\" width=\"224\">&#8211;<\/td>\n<\/tr>\n<tr>\n<td width=\"62\">FOR-110<\/td>\n<td width=\"300\"><span style=\"color: #0000ff;\"><a style=\"color: #0000ff;\" href=\"\/carreras\/leiyp\/03_tetra\/ingles_3.pdf\" target=\"_blank\" rel=\"noopener noreferrer\">Ingl\u00e9s III<\/a><\/span><\/td>\n<td style=\"text-align: center;\" width=\"224\">FOR-108<\/td>\n<\/tr>\n<\/tbody>\n<\/table>\n<p>&nbsp;<\/p>\n<table style=\"height: 539px;\" width=\"624\">\n<tbody>\n<tr>\n<td style=\"text-align: center;\" colspan=\"3\" width=\"421\"><strong>Tetramestre IV<\/strong><\/td>\n<\/tr>\n<tr>\n<td style=\"text-align: center;\" width=\"62\"><strong>Clave Asignatura<\/strong><\/td>\n<td style=\"text-align: center;\" width=\"300\"><strong>Nombre de la Asignatura<\/strong><\/td>\n<td style=\"text-align: center;\" width=\"61\"><strong>Seriaci\u00f3n<\/strong><\/td>\n<\/tr>\n<tr>\n<td width=\"62\">FOR-111<\/td>\n<td width=\"300\"><span style=\"color: #0000ff;\"><a style=\"color: #0000ff;\" href=\"\/carreras\/leiyp\/04_tetra\/matematicas.pdf\" target=\"_blank\" rel=\"noopener noreferrer\">Matem\u00e1ticas<\/a><\/span><\/td>\n<td style=\"text-align: center;\" width=\"224\">&#8211;<\/td>\n<\/tr>\n<tr>\n<td width=\"62\">EDU-107<\/td>\n<td width=\"300\"><span style=\"color: #0000ff;\"><a style=\"color: #0000ff;\" href=\"\/carreras\/leiyp\/04_tetra\/educacion_preconcepcional_y_prenatal.pdf\" target=\"_blank\" rel=\"noopener noreferrer\">Educaci\u00f3n Preconcepcional y Prenatal<\/a><\/span><\/td>\n<td style=\"text-align: center;\" width=\"224\">&#8211;<\/td>\n<\/tr>\n<tr>\n<td width=\"62\">NEU-104<\/td>\n<td width=\"300\"><span style=\"color: #0000ff;\"><a style=\"color: #0000ff;\" href=\"\/carreras\/leiyp\/04_tetra\/neurodesarrollo_y_teoria_de_las_inteligencias_multiples.pdf\" target=\"_blank\" rel=\"noopener noreferrer\">Neurodesarrollo y Teor\u00eda de las Inteligencias M\u00faltiples<\/a><\/span><\/td>\n<td style=\"text-align: center;\" width=\"224\">NEU-103<\/td>\n<\/tr>\n<tr>\n<td width=\"62\">EDU-108<\/td>\n<td width=\"300\"><span style=\"color: #0000ff;\"><a style=\"color: #0000ff;\" href=\"\/carreras\/leiyp\/04_tetra\/taller_de_educacion_preconcepcional_y_prenatal.pdf\" target=\"_blank\" rel=\"noopener noreferrer\">Taller de Educaci\u00f3n Preconcepcional y Prenatal<\/a><\/span><\/td>\n<td style=\"text-align: center;\" width=\"61\">&#8211;<\/td>\n<\/tr>\n<tr>\n<td width=\"62\">EDU-109<\/td>\n<td width=\"300\"><span style=\"color: #0000ff;\"><a style=\"color: #0000ff;\" href=\"\/carreras\/leiyp\/04_tetra\/observacion_y_practica_docente_de_las_inteligencias_multiples.pdf\" target=\"_blank\" rel=\"noopener noreferrer\">Observaci\u00f3n y Pr\u00e1ctica Docente de la Inteligencias M\u00faltiples<\/a><\/span><\/td>\n<td style=\"text-align: center;\" width=\"224\">&#8211;<\/td>\n<\/tr>\n<tr>\n<td width=\"62\">BAS-106<\/td>\n<td width=\"300\"><span style=\"color: #0000ff;\"><a style=\"color: #0000ff;\" href=\"\/carreras\/leiyp\/04_tetra\/didactica_general.pdf\" target=\"_blank\" rel=\"noopener noreferrer\">Did\u00e1ctica General<\/a><\/span><\/td>\n<td style=\"text-align: center;\" width=\"224\">EDU-104<\/td>\n<\/tr>\n<tr>\n<td width=\"62\">EDU-110<\/td>\n<td width=\"300\"><span style=\"color: #0000ff;\"><a style=\"color: #0000ff;\" href=\"\/carreras\/leiyp\/04_tetra\/puericultura_y_crianza_en_la_primer_infancia.pdf\" target=\"_blank\" rel=\"noopener noreferrer\">Puericultura y Crianza en la Primera Infancia<\/a><\/span><\/td>\n<td style=\"text-align: center;\" width=\"224\">EDU-105<\/td>\n<\/tr>\n<tr>\n<td width=\"62\">EDU-111<\/td>\n<td width=\"300\"><span style=\"color: #0000ff;\"><a style=\"color: #0000ff;\" href=\"\/carreras\/leiyp\/04_tetra\/metodologia_de_la_ensenanza_de_la_lengua_entrajera_en_la_primera_infancia.pdf\" target=\"_blank\" rel=\"noopener noreferrer\">Metodolog\u00eda de la Ense\u00f1anza de la Lengua Extranjera en la Primera Infancia<\/a><\/span><\/td>\n<td style=\"text-align: center;\" width=\"224\">EDU-105<\/td>\n<\/tr>\n<\/tbody>\n<\/table>\n<p>&nbsp;<\/p>\n<table style=\"height: 539px;\" width=\"624\">\n<tbody>\n<tr>\n<td style=\"text-align: center;\" colspan=\"3\" width=\"421\"><strong>Tetramestre V<\/strong><\/td>\n<\/tr>\n<tr>\n<td style=\"text-align: center;\" width=\"62\"><strong>Clave Asignatura<\/strong><\/td>\n<td style=\"text-align: center;\" width=\"300\"><strong>Nombre de la Asignatura<\/strong><\/td>\n<td style=\"text-align: center;\" width=\"61\"><strong>Seriaci\u00f3n<\/strong><\/td>\n<\/tr>\n<tr>\n<td width=\"62\">FOR-112<\/td>\n<td width=\"300\"><span style=\"color: #0000ff;\"><a style=\"color: #0000ff;\" href=\"\/carreras\/leiyp\/05_tetra\/estadistica.pdf\" target=\"_blank\" rel=\"noopener noreferrer\">Estad\u00edstica<\/a><\/span><\/td>\n<td style=\"text-align: center;\" width=\"224\">FOR-111<\/td>\n<\/tr>\n<tr>\n<td width=\"62\">EDU-112<\/td>\n<td width=\"300\"><span style=\"color: #0000ff;\"><a style=\"color: #0000ff;\" href=\"\/carreras\/leiyp\/05_tetra\/desarrollo_socioemocional_y_de_valores_en_la_primera_infancia.pdf\" target=\"_blank\" rel=\"noopener noreferrer\">Desarrollo Socioemocional y de Valores en la Primera Infancia<\/a><\/span><\/td>\n<td style=\"text-align: center;\" width=\"224\">EDU-111<\/td>\n<\/tr>\n<tr>\n<td width=\"62\">EDU-113<\/td>\n<td width=\"300\"><span style=\"color: #0000ff;\"><a style=\"color: #0000ff;\" href=\"\/carreras\/leiyp\/05_tetra\/metodolog%C3%ADa_de_la_ensenanza_de_la_educacion_fisica_infantil.pdf\" target=\"_blank\" rel=\"noopener noreferrer\">Metodolog\u00eda de la Ense\u00f1anza de la Educaci\u00f3n F\u00edsica Infantil<\/a><\/span><\/td>\n<td style=\"text-align: center;\" width=\"224\">EDU-111<\/td>\n<\/tr>\n<tr>\n<td width=\"62\">EDU-114<\/td>\n<td width=\"300\"><span style=\"color: #0000ff;\"><a style=\"color: #0000ff;\" href=\"\/carreras\/leiyp\/05_tetra\/educacion_inicial%280_hasta_3_a%C3%B1os%29.pdf\" target=\"_blank\" rel=\"noopener noreferrer\">Educaci\u00f3n inicial <\/a><a style=\"color: #0000ff;\" href=\"\/carreras\/leiyp\/05_tetra\/educacion_inicial%280_hasta_3_a%C3%B1os%29.pdf\">(0 hasta 3 a\u00f1os)<\/a><\/span><\/td>\n<td style=\"text-align: center;\" width=\"61\">EDU-105<\/td>\n<\/tr>\n<tr>\n<td width=\"62\">EDU-115<\/td>\n<td width=\"300\"><span style=\"color: #0000ff;\"><a style=\"color: #0000ff;\" href=\"\/carreras\/leiyp\/05_tetra\/observacion_y_practica_docente_de_educacion_temprana_%280_hasta_3_a%C3%B1os%29.pdf\" target=\"_blank\" rel=\"noopener noreferrer\">Observaci\u00f3n y pr\u00e1ctica Docente de Educaci\u00f3n Temprana (0 hasta 3 a\u00f1os)<\/a><\/span><\/td>\n<td style=\"text-align: center;\" width=\"224\">EDU-105<\/td>\n<\/tr>\n<tr>\n<td width=\"62\">EDU-116<\/td>\n<td width=\"300\"><span style=\"color: #0000ff;\"><a style=\"color: #0000ff;\" href=\"\/carreras\/leiyp\/05_tetra\/didactica_de_la_educacion_infantil.pdf\" target=\"_blank\" rel=\"noopener noreferrer\">Did\u00e1ctica de la Educaci\u00f3n Infantil<\/a><\/span><\/td>\n<td style=\"text-align: center;\" width=\"224\">EDU-110<\/td>\n<\/tr>\n<tr>\n<td width=\"62\">NEU-105<\/td>\n<td width=\"300\"><span style=\"color: #0000ff;\"><a style=\"color: #0000ff;\" href=\"\/carreras\/leiyp\/05_tetra\/teoria_y_practica_de_la_neuromotricidad_infantil.pdf\" target=\"_blank\" rel=\"noopener noreferrer\">Teor\u00eda y Pr\u00e1ctica de la Neuromotricidad Infantil<\/a><\/span><\/td>\n<td style=\"text-align: center;\" width=\"224\">NEU-104<\/td>\n<\/tr>\n<tr>\n<td width=\"62\">NEU-106<\/td>\n<td width=\"300\"><span style=\"color: #0000ff;\"><a style=\"color: #0000ff;\" href=\"\/carreras\/leiyp\/05_tetra\/neuroeducacion.pdf\" target=\"_blank\" rel=\"noopener noreferrer\">Neuroeducaci\u00f3n<\/a><\/span><\/td>\n<td style=\"text-align: center;\" width=\"224\">NEU-103<\/td>\n<\/tr>\n<\/tbody>\n<\/table>\n<p>&nbsp;<\/p>\n<table style=\"height: 539px;\" width=\"624\">\n<tbody>\n<tr>\n<td style=\"text-align: center;\" colspan=\"3\" width=\"421\"><strong>Tetramestre VI<\/strong><\/td>\n<\/tr>\n<tr>\n<td style=\"text-align: center;\" width=\"62\"><strong>Clave Asignatura<\/strong><\/td>\n<td style=\"text-align: center;\" width=\"300\"><strong>Nombre de la Asignatura<\/strong><\/td>\n<td style=\"text-align: center;\" width=\"61\"><strong>Seriaci\u00f3n<\/strong><\/td>\n<\/tr>\n<tr>\n<td width=\"62\">NEU-107<\/td>\n<td width=\"300\"><span style=\"color: #0000ff;\"><a style=\"color: #0000ff;\" href=\"\/carreras\/leiyp\/06_tetra\/neuropedagogia_y_neurodidactica.pdf\" target=\"_blank\" rel=\"noopener noreferrer\">Neuropedagog\u00eda y Neurodid\u00e1ctica<\/a><\/span><\/td>\n<td style=\"text-align: center;\" width=\"224\">NEU-106<\/td>\n<\/tr>\n<tr>\n<td width=\"62\">BAS-107<\/td>\n<td width=\"300\"><span style=\"color: #0000ff;\"><a style=\"color: #0000ff;\" href=\"\/carreras\/leiyp\/06_tetra\/metodologia_de_la_investigacion.pdf\" target=\"_blank\" rel=\"noopener noreferrer\">Metodolog\u00eda de la Investigaci\u00f3n<\/a><\/span><\/td>\n<td style=\"text-align: center;\" width=\"224\">&#8211;<\/td>\n<\/tr>\n<tr>\n<td width=\"62\">EDU-117<\/td>\n<td width=\"300\"><span style=\"color: #0000ff;\"><a style=\"color: #0000ff;\" href=\"\/carreras\/leiyp\/06_tetra\/taller_de_elaboracion_de_materiales_didacticos.pdf\" target=\"_blank\" rel=\"noopener noreferrer\">Taller de Elaboraci\u00f3n de Materiales Did\u00e1cticos<\/a><\/span><\/td>\n<td style=\"text-align: center;\" width=\"224\">EDU-116<\/td>\n<\/tr>\n<tr>\n<td width=\"62\">EDU-118<\/td>\n<td width=\"300\"><span style=\"color: #0000ff;\"><a style=\"color: #0000ff;\" href=\"\/carreras\/leiyp\/06_tetra\/educacion_preescolar_%283_hasta_6_anos%29.pdf\" target=\"_blank\" rel=\"noopener noreferrer\">Educaci\u00f3n Preescolar, (3 hasta 6 a\u00f1os)<\/a><\/span><\/td>\n<td style=\"text-align: center;\" width=\"61\">EDU-114<\/td>\n<\/tr>\n<tr>\n<td width=\"62\">EDU-119<\/td>\n<td width=\"300\"><span style=\"color: #0000ff;\"><a style=\"color: #0000ff;\" href=\"\/carreras\/leiyp\/06_tetra\/observacion_y_practica_docente_de_educacion_temprana_%283_hasta_6_anos%29.pdf\" target=\"_blank\" rel=\"noopener noreferrer\">Observaci\u00f3n y pr\u00e1ctica Docente de Educaci\u00f3n Temprana. (3 hasta 6 a\u00f1os)<\/a><\/span><\/td>\n<td style=\"text-align: center;\" width=\"224\">EDU-115<\/td>\n<\/tr>\n<tr>\n<td width=\"62\">EDU-120<\/td>\n<td width=\"300\"><span style=\"color: #0000ff;\"><a style=\"color: #0000ff;\" href=\"\/carreras\/leiyp\/06_tetra\/metodologia_de_la_ensenanza_para_el_desarrollo_del_pensamiento_logico_matematico_de_la_infancia.pdf\" target=\"_blank\" rel=\"noopener noreferrer\">Metodolog\u00eda de la Ense\u00f1anza para el Desarrollo del Pensamiento L\u00f3gico-Matem\u00e1tico en la Infancia<\/a><\/span><\/td>\n<td style=\"text-align: center;\" width=\"224\">EDU-111<\/td>\n<\/tr>\n<tr>\n<td width=\"62\">EDU-121<\/td>\n<td width=\"300\"><span style=\"color: #0000ff;\"><a style=\"color: #0000ff;\" href=\"\/carreras\/leiyp\/06_tetra\/metodologia_de_la_ensenanza_de_la_educacion_musical_danza_expresion_corporal_infantil.pdf\" target=\"_blank\" rel=\"noopener noreferrer\">Metodolog\u00eda de la Ense\u00f1anza de la Educaci\u00f3n Musical, Danza y Expresi\u00f3n Corporal Infantil<\/a><\/span><\/td>\n<td style=\"text-align: center;\" width=\"224\">EDU-111<\/td>\n<\/tr>\n<tr>\n<td width=\"62\">EDU-122<\/td>\n<td width=\"300\"><span style=\"color: #0000ff;\"><a style=\"color: #0000ff;\" href=\"\/carreras\/leiyp\/06_tetra\/metodologia_de_la_ensenanza_de_la_educacion_plastica_espacial_y_apreciacion_artistica_infantil.pdf\" target=\"_blank\" rel=\"noopener noreferrer\">Metodolog\u00eda de la Ense\u00f1anza de la Educaci\u00f3n Pl\u00e1stica Espacial y Apreciaci\u00f3n Art\u00edstica Infantil<\/a><\/span><\/td>\n<td style=\"text-align: center;\" width=\"224\">EDU-111<\/td>\n<\/tr>\n<\/tbody>\n<\/table>\n<p>&nbsp;<\/p>\n<table style=\"height: 539px;\" width=\"624\">\n<tbody>\n<tr>\n<td style=\"text-align: center;\" colspan=\"3\" width=\"421\"><strong>Tetramestre VII<\/strong><\/td>\n<\/tr>\n<tr>\n<td style=\"text-align: center;\" width=\"62\"><strong>Clave Asignatura<\/strong><\/td>\n<td style=\"text-align: center;\" width=\"300\"><strong>Nombre de la Asignatura<\/strong><\/td>\n<td style=\"text-align: center;\" width=\"61\"><strong>Seriaci\u00f3n<\/strong><\/td>\n<\/tr>\n<tr>\n<td width=\"62\">BAS-108<\/td>\n<td width=\"300\"><span style=\"color: #0000ff;\"><a style=\"color: #0000ff;\" href=\"\/carreras\/leiyp\/07_tetra\/prevencion_y_salud_escolar.pdf\" target=\"_blank\" rel=\"noopener noreferrer\">Prevenci\u00f3n y Salud Escolar<\/a><\/span><\/td>\n<td style=\"text-align: center;\" width=\"224\">&#8211;<\/td>\n<\/tr>\n<tr>\n<td width=\"62\">EDU-123<\/td>\n<td width=\"300\"><span style=\"color: #0000ff;\"><a style=\"color: #0000ff;\" href=\"\/carreras\/leiyp\/07_tetra\/diversidad_y_problemas_del_desarrollo_infantil.pdf\" target=\"_blank\" rel=\"noopener noreferrer\">Diversidad y Problemas del Desarrollo Infantil<\/a><\/span><\/td>\n<td style=\"text-align: center;\" width=\"224\">EDU-119<\/td>\n<\/tr>\n<tr>\n<td width=\"62\">EDU-124<\/td>\n<td width=\"300\"><span style=\"color: #0000ff;\"><a style=\"color: #0000ff;\" href=\"\/carreras\/leiyp\/07_tetra\/metodologia_de_la_ensenanza_para_el_pensamiento_lenguaje_y_literatura_infantil.pdf\" target=\"_blank\" rel=\"noopener noreferrer\">Metodolog\u00eda de la Ense\u00f1anza para el Desarrollo del Pensamiento, Lenguaje y Literatura Infantil<\/a><\/span><\/td>\n<td style=\"text-align: center;\" width=\"224\">EDU-119<\/td>\n<\/tr>\n<tr>\n<td width=\"62\">BAS-109<\/td>\n<td width=\"300\"><span style=\"color: #0000ff;\"><a style=\"color: #0000ff;\" href=\"\/carreras\/leiyp\/07_tetra\/metodologia_de_la_investigacion_educativa.pdf\" target=\"_blank\" rel=\"noopener noreferrer\">Metodolog\u00eda de la Investigaci\u00f3n Educativa<\/a><\/span><\/td>\n<td style=\"text-align: center;\" width=\"61\">BAS-107<\/td>\n<\/tr>\n<tr>\n<td width=\"62\">EDU-125<\/td>\n<td width=\"300\"><span style=\"color: #0000ff;\"><a style=\"color: #0000ff;\" href=\"\/carreras\/leiyp\/07_tetra\/metodologia_de_la_ensenanza_del_entorno_natural_y_de_la_vida_social_en_la_educacion_infantil.pdf\" target=\"_blank\" rel=\"noopener noreferrer\">Metodolog\u00eda de la Ense\u00f1anza del Entorno Natural y de la Vida Social en la Educaci\u00f3n Infantil<\/a><\/span><\/td>\n<td style=\"text-align: center;\" width=\"224\">EDU-122<\/td>\n<\/tr>\n<tr>\n<td width=\"62\">NEU-108<\/td>\n<td width=\"300\"><span style=\"color: #0000ff;\"><a style=\"color: #0000ff;\" href=\"\/carreras\/leiyp\/07_tetra\/desarrollo_neuromotor_y%20teoria_de_los_reflejos.pdf\" target=\"_blank\" rel=\"noopener noreferrer\">Desarrollo Neuromotor y Teor\u00eda de los Reflejos<\/a><\/span><\/td>\n<td style=\"text-align: center;\" width=\"224\">NEU-104<\/td>\n<\/tr>\n<tr>\n<td width=\"62\">NEU-109<\/td>\n<td width=\"300\"><span style=\"color: #0000ff;\"><a style=\"color: #0000ff;\" href=\"\/carreras\/leiyp\/07_tetra\/taller_desarrollo_neuromotor_y_teoria_de_los_reflejos.pdf\" target=\"_blank\" rel=\"noopener noreferrer\">Taller de Desarrollo Neuromotor y Teor\u00eda de los Reflejos<\/a><\/span><\/td>\n<td style=\"text-align: center;\" width=\"224\">NEU-104<\/td>\n<\/tr>\n<tr>\n<td width=\"62\">EDU-126<\/td>\n<td width=\"300\"><span style=\"color: #0000ff;\"><a style=\"color: #0000ff;\" href=\"\/carreras\/leiyp\/07_tetra\/evaluacion_psicopedagogica_infantil.pdf\" target=\"_blank\" rel=\"noopener noreferrer\">Evaluaci\u00f3n Psicopedag\u00f3gica Infantil<\/a><\/span><\/td>\n<td style=\"text-align: center;\" width=\"224\">EDU-105<\/td>\n<\/tr>\n<\/tbody>\n<\/table>\n<p>&nbsp;<\/p>\n<table style=\"height: 539px;\" width=\"624\">\n<tbody>\n<tr>\n<td style=\"text-align: center;\" colspan=\"3\" width=\"421\"><strong>Tetramestre VIII<\/strong><\/td>\n<\/tr>\n<tr>\n<td style=\"text-align: center;\" width=\"62\"><strong>Clave Asignatura<\/strong><\/td>\n<td style=\"text-align: center;\" width=\"300\"><strong>Nombre de la Asignatura<\/strong><\/td>\n<td style=\"text-align: center;\" width=\"61\"><strong>Seriaci\u00f3n<\/strong><\/td>\n<\/tr>\n<tr>\n<td width=\"62\">EDU-127<\/td>\n<td width=\"300\"><span style=\"color: #0000ff;\"><a style=\"color: #0000ff;\" href=\"\/carreras\/leiyp\/08_tetra\/indicadores_para_la_evaluacion_del_desarrollo_infantil.pdf\" target=\"_blank\" rel=\"noopener noreferrer\">Indicadores para la Evaluaci\u00f3n del Desarrollo Infantil<\/a><\/span><\/td>\n<td style=\"text-align: center;\" width=\"224\">EDU-123<\/td>\n<\/tr>\n<tr>\n<td width=\"62\">NEU-110<\/td>\n<td width=\"300\"><span style=\"color: #0000ff;\"><a style=\"color: #0000ff;\" href=\"\/carreras\/leiyp\/08_tetra\/deteccion_temprana_de_problemas_neurologicos_y_del_desarrollo_neuromotor.pdf\" target=\"_blank\" rel=\"noopener noreferrer\">Detecci\u00f3n Temprana de Problemas Neurol\u00f3gicos y del Desarrollo Neuromotor<\/a><\/span><\/td>\n<td style=\"text-align: center;\" width=\"224\">NEU-108<\/td>\n<\/tr>\n<tr>\n<td width=\"62\">NEU-111<\/td>\n<td width=\"300\"><span style=\"color: #0000ff;\"><a style=\"color: #0000ff;\" href=\"\/carreras\/leiyp\/08_tetra\/taller_de_intervencion_de_problemas_neurologicos_ydel_desarrollo_neuromotor.pdf\" target=\"_blank\" rel=\"noopener noreferrer\">Taller de Intervenci\u00f3n de Problemas Neurol\u00f3gicos y del Desarrollo Neuromotor<\/a><\/span><\/td>\n<td style=\"text-align: center;\" width=\"224\">NEU-109<\/td>\n<\/tr>\n<tr>\n<td width=\"62\">BAS-110<\/td>\n<td width=\"300\"><span style=\"color: #0000ff;\"><a style=\"color: #0000ff;\" href=\"\/carreras\/leiyp\/08_tetra\/planeacion_y_organizacion_escolar.pdf\" target=\"_blank\" rel=\"noopener noreferrer\">Planeaci\u00f3n y Organizaci\u00f3n Escolar<\/a><\/span><\/td>\n<td style=\"text-align: center;\" width=\"61\">&#8211;<\/td>\n<\/tr>\n<tr>\n<td width=\"62\">FOR-113<\/td>\n<td width=\"300\"><span style=\"color: #0000ff;\"><a style=\"color: #0000ff;\" href=\"\/carreras\/leiyp\/08_tetra\/etica_personal_y_profesional.pdf\" target=\"_blank\" rel=\"noopener noreferrer\">\u00c9tica Personal y Profesional<\/a><\/span><\/td>\n<td style=\"text-align: center;\" width=\"224\">&#8211;<\/td>\n<\/tr>\n<tr>\n<td width=\"62\">EDU-128<\/td>\n<td width=\"300\"><span style=\"color: #0000ff;\"><a style=\"color: #0000ff;\" href=\"http:\/\/www.unez.edu.mx\/carreras\/leiyp\/08_tetra\/modalidades_de_atenciones_de_la_eduacion_inicial_y_preescolar.pdf\" target=\"_blank\" rel=\"noopener noreferrer\">Modalidades de Atenci\u00f3n de la Educaci\u00f3n Inicial y Preescolar<\/a><\/span><\/td>\n<td style=\"text-align: center;\" width=\"224\">EDU-125<\/td>\n<\/tr>\n<tr>\n<td width=\"62\">EDU-129<\/td>\n<td width=\"300\"><span style=\"color: #0000ff;\"><a style=\"color: #0000ff;\" href=\"http:\/\/www.unez.edu.mx\/carreras\/leiyp\/08_tetra\/tecnicas_de_estimulacion_temprana_1.pdf\" target=\"_blank\" rel=\"noopener noreferrer\">T\u00e9cnicas de Estimulaci\u00f3n Temprana I<\/a><\/span><\/td>\n<td style=\"text-align: center;\" width=\"224\">EDU-126<\/td>\n<\/tr>\n<tr>\n<td width=\"62\">EDU-130<\/td>\n<td width=\"300\"><span style=\"color: #0000ff;\"><a style=\"color: #0000ff;\" href=\"http:\/\/www.unez.edu.mx\/carreras\/leiyp\/08_tetra\/teorias_y_practicas_del_juego_infantil.pdf\" target=\"_blank\" rel=\"noopener noreferrer\">Teor\u00edas y Pr\u00e1cticas del Juego Infantil<\/a><\/span><\/td>\n<td style=\"text-align: center;\" width=\"224\">&#8211;<\/td>\n<\/tr>\n<\/tbody>\n<\/table>\n<p>&nbsp;<\/p>\n<table style=\"height: 539px;\" width=\"624\">\n<tbody>\n<tr>\n<td style=\"text-align: center;\" colspan=\"3\" width=\"421\"><strong>Tetramestre IX<\/strong><\/td>\n<\/tr>\n<tr>\n<td style=\"text-align: center;\" width=\"62\"><strong>Clave Asignatura<\/strong><\/td>\n<td style=\"text-align: center;\" width=\"300\"><strong>Nombre de la Asignatura<\/strong><\/td>\n<td style=\"text-align: center;\" width=\"61\"><strong>Seriaci\u00f3n<\/strong><\/td>\n<\/tr>\n<tr>\n<td width=\"62\">EDU-131<\/td>\n<td width=\"300\"><span style=\"color: #0000ff;\"><a style=\"color: #0000ff;\" href=\"\/carreras\/leiyp\/09_tetra\/curriculo_de_la_educacion_inicial_y_preescolar.pdf\" target=\"_blank\" rel=\"noopener noreferrer\">Curr\u00edculo de la Educaci\u00f3n Inicial y Preescolar<\/a><\/span><\/td>\n<td style=\"text-align: center;\" width=\"224\">EDU-128<\/td>\n<\/tr>\n<tr>\n<td width=\"62\">BAS-111<\/td>\n<td width=\"300\"><span style=\"color: #0000ff;\"><a style=\"color: #0000ff;\" href=\"\/carreras\/leiyp\/09_tetra\/seminario_de_preparacion_y_elaboracion_de_tesis.pdf\" target=\"_blank\" rel=\"noopener noreferrer\">Seminario de Preparaci\u00f3n y Elaboraci\u00f3n de Tesis<\/a><\/span><\/td>\n<td style=\"text-align: center;\" width=\"224\">BAS-109<\/td>\n<\/tr>\n<tr>\n<td width=\"62\">FOR-114<\/td>\n<td width=\"300\"><span style=\"color: #0000ff;\"><a style=\"color: #0000ff;\" href=\"\/carreras\/leiyp\/09_tetra\/comunicacion_y_relaciones_humanas.pdf\" target=\"_blank\" rel=\"noopener noreferrer\">Comunicaci\u00f3n y Relaciones Humanas<\/a><\/span><\/td>\n<td style=\"text-align: center;\" width=\"224\">FOR-113<\/td>\n<\/tr>\n<tr>\n<td width=\"62\">BAS-112<\/td>\n<td width=\"300\"><span style=\"color: #0000ff;\"><a style=\"color: #0000ff;\" href=\"\/carreras\/leiyp\/09_tetra\/gestion_y_funciones_directivas_en_las_instituciones_educativas_de_la_primera_infancia.pdf\" target=\"_blank\" rel=\"noopener noreferrer\">Gesti\u00f3n y Funciones Directivas en las Instituciones Educativas de la Primera Infancia<\/a><\/span><\/td>\n<td style=\"text-align: center;\" width=\"61\">&#8211;<\/td>\n<\/tr>\n<tr>\n<td width=\"62\">EDU-132<\/td>\n<td width=\"300\"><span style=\"color: #0000ff;\"><a style=\"color: #0000ff;\" href=\"\/carreras\/leiyp\/09_tetra\/tecnicas_de_estimulacion_temprana_2.pdf\" target=\"_blank\" rel=\"noopener noreferrer\">T\u00e9cnicas de Estimulaci\u00f3n Temprana II<\/a><\/span><\/td>\n<td style=\"text-align: center;\" width=\"224\">EDU-129<\/td>\n<\/tr>\n<tr>\n<td width=\"62\">EDU-133<\/td>\n<td width=\"300\"><span style=\"color: #0000ff;\"><a style=\"color: #0000ff;\" href=\"\/carreras\/leiyp\/09_tetra\/observacion_y_practicas_tecnicas_de_estimulacion_temprana.pdf\" target=\"_blank\" rel=\"noopener noreferrer\">Observaci\u00f3n y Pr\u00e1cticas T\u00e9cnicas de estimulaci\u00f3n temprana<\/a><\/span><\/td>\n<td style=\"text-align: center;\" width=\"224\">&#8211;<\/td>\n<\/tr>\n<tr>\n<td width=\"62\">EDU-134<\/td>\n<td width=\"300\"><span style=\"color: #0000ff;\"><a style=\"color: #0000ff;\" href=\"\/carreras\/leiyp\/09_tetra\/observacion_y_practicas_de_educacion_inicial_%280_hasta_3_anos%29%7D.pdf\" target=\"_blank\" rel=\"noopener noreferrer\">Observaci\u00f3n y Pr\u00e1cticas de educaci\u00f3n Inicial (0 hasta 3 a\u00f1os)<\/a><\/span><\/td>\n<td style=\"text-align: center;\" width=\"224\">&#8211;<\/td>\n<\/tr>\n<tr>\n<td width=\"62\">EDU-135<\/td>\n<td width=\"300\"><span style=\"color: #0000ff;\"><a style=\"color: #0000ff;\" href=\"\/carreras\/leiyp\/09_tetra\/observacion_y_practicas_de_educacion_preescolar_%283_hasta_6_anos%29.pdf\" target=\"_blank\" rel=\"noopener noreferrer\">Observaci\u00f3n y Pr\u00e1cticas de educaci\u00f3n Preescolar ( 3 hasta 6 a\u00f1os)<\/a><\/span><\/td>\n<td style=\"text-align: center;\" width=\"224\">&#8211;<\/td>\n<\/tr>\n<\/tbody>\n<\/table>\n<p>&nbsp;<\/p>\n<table style=\"height: 539px;\" width=\"624\">\n<tbody>\n<tr>\n<td style=\"text-align: center;\" colspan=\"3\" width=\"421\"><strong>Tetramestre X<\/strong><\/td>\n<\/tr>\n<tr>\n<td style=\"text-align: center;\" width=\"62\"><strong>Clave Asignatura<\/strong><\/td>\n<td style=\"text-align: center;\" width=\"300\"><strong>Nombre de la Asignatura<\/strong><\/td>\n<td style=\"text-align: center;\" width=\"61\"><strong>Seriaci\u00f3n<\/strong><\/td>\n<\/tr>\n<tr>\n<td width=\"62\">EDU-136<\/td>\n<td width=\"300\"><span style=\"color: #0000ff;\"><a style=\"color: #0000ff;\" href=\"\/carreras\/leiyp\/10_tetra\/supervision_y_evaluacion_de_practicas_profesionales.pdf\" target=\"_blank\" rel=\"noopener noreferrer\">Supervisi\u00f3n y Evaluaci\u00f3n de Pr\u00e1cticas Profesionales<\/a><\/span><\/td>\n<td style=\"text-align: center;\" width=\"224\">&#8211;<\/td>\n<\/tr>\n<tr>\n<td width=\"62\">EDU-137<\/td>\n<td width=\"300\"><span style=\"color: #0000ff;\"><a style=\"color: #0000ff;\" href=\"\/carreras\/leiyp\/10_tetra\/practicas_profesionales.pdf\" target=\"_blank\" rel=\"noopener noreferrer\">Pr\u00e1cticas Profesionales<\/a><\/span><\/td>\n<td style=\"text-align: center;\" width=\"224\">&#8211;<\/td>\n<\/tr>\n<\/tbody>\n<\/table>\n<p>[\/vc_column_text][\/vc_tta_section][\/vc_tta_tabs][\/vc_column][\/vc_row]<\/p>\n<\/div>","protected":false},"excerpt":{"rendered":"<p>[vc_row][vc_column width=&#8221;1\/4&#8243;][vc_column_text]Solicita informaci\u00f3n en los siguientes t\u00e9lefonos: Tel. 81 83 01 21 48 \u00a0 WhatsApp: 81 32 56 55 47\u00a0[\/vc_column_text][\/vc_column][vc_column&#8230;<\/p>\n","protected":false},"author":13,"featured_media":0,"parent":0,"menu_order":0,"comment_status":"closed","ping_status":"closed","template":"","meta":{"_joinchat":[],"footnotes":""},"class_list":["post-11931","page","type-page","status-publish","hentry"],"_links":{"self":[{"href":"https:\/\/unez.edu.mx\/index.php?rest_route=\/wp\/v2\/pages\/11931","targetHints":{"allow":["GET"]}}],"collection":[{"href":"https:\/\/unez.edu.mx\/index.php?rest_route=\/wp\/v2\/pages"}],"about":[{"href":"https:\/\/unez.edu.mx\/index.php?rest_route=\/wp\/v2\/types\/page"}],"author":[{"embeddable":true,"href":"https:\/\/unez.edu.mx\/index.php?rest_route=\/wp\/v2\/users\/13"}],"replies":[{"embeddable":true,"href":"https:\/\/unez.edu.mx\/index.php?rest_route=%2Fwp%2Fv2%2Fcomments&post=11931"}],"version-history":[{"count":33,"href":"https:\/\/unez.edu.mx\/index.php?rest_route=\/wp\/v2\/pages\/11931\/revisions"}],"predecessor-version":[{"id":57582,"href":"https:\/\/unez.edu.mx\/index.php?rest_route=\/wp\/v2\/pages\/11931\/revisions\/57582"}],"wp:attachment":[{"href":"https:\/\/unez.edu.mx\/index.php?rest_route=%2Fwp%2Fv2%2Fmedia&parent=11931"}],"curies":[{"name":"wp","href":"https:\/\/api.w.org\/{rel}","templated":true}]}}